{"version":"1.0","provider_name":"Blog Comunidad Esment","provider_url":"https:\/\/esment.org\/blogs","author_name":"Yolanda Tarramera","author_url":"https:\/\/esment.org\/blogs\/author\/yolanda-tarramera\/","title":"Tolerancia cero ante la violencia de g\u00e9nero - Blog Comunidad Esment","type":"rich","width":600,"height":338,"html":"<blockquote class=\"wp-embedded-content\" data-secret=\"hgFfmOJeV5\"><a href=\"https:\/\/esment.org\/blogs\/tolerancia-0-ante-la-violencia-de-genero\/\">Tolerancia cero ante la violencia de g\u00e9nero<\/a><\/blockquote><iframe sandbox=\"allow-scripts\" security=\"restricted\" src=\"https:\/\/esment.org\/blogs\/tolerancia-0-ante-la-violencia-de-genero\/embed\/#?secret=hgFfmOJeV5\" width=\"600\" height=\"338\" title=\"\u00abTolerancia cero ante la violencia de g\u00e9nero\u00bb \u2014 Blog Comunidad Esment\" data-secret=\"hgFfmOJeV5\" frameborder=\"0\" marginwidth=\"0\" marginheight=\"0\" scrolling=\"no\" class=\"wp-embedded-content\"><\/iframe><script>\n\/*! This file is auto-generated *\/\n!function(d,l){\"use strict\";l.querySelector&&d.addEventListener&&\"undefined\"!=typeof URL&&(d.wp=d.wp||{},d.wp.receiveEmbedMessage||(d.wp.receiveEmbedMessage=function(e){var t=e.data;if((t||t.secret||t.message||t.value)&&!\/[^a-zA-Z0-9]\/.test(t.secret)){for(var s,r,n,a=l.querySelectorAll('iframe[data-secret=\"'+t.secret+'\"]'),o=l.querySelectorAll('blockquote[data-secret=\"'+t.secret+'\"]'),c=new RegExp(\"^https?:$\",\"i\"),i=0;i<o.length;i++)o[i].style.display=\"none\";for(i=0;i<a.length;i++)s=a[i],e.source===s.contentWindow&&(s.removeAttribute(\"style\"),\"height\"===t.message?(1e3<(r=parseInt(t.value,10))?r=1e3:~~r<200&&(r=200),s.height=r):\"link\"===t.message&&(r=new URL(s.getAttribute(\"src\")),n=new URL(t.value),c.test(n.protocol))&&n.host===r.host&&l.activeElement===s&&(d.top.location.href=t.value))}},d.addEventListener(\"message\",d.wp.receiveEmbedMessage,!1),l.addEventListener(\"DOMContentLoaded\",function(){for(var e,t,s=l.querySelectorAll(\"iframe.wp-embedded-content\"),r=0;r<s.length;r++)(t=(e=s[r]).getAttribute(\"data-secret\"))||(t=Math.random().toString(36).substring(2,12),e.src+=\"#?secret=\"+t,e.setAttribute(\"data-secret\",t)),e.contentWindow.postMessage({message:\"ready\",secret:t},\"*\")},!1)))}(window,document);\n<\/script>\n","description":"Hoy, en el D\u00eda Internacional contra la Violencia de G\u00e9nero, un equipo de Esment Guies ha participado activamente en una jornada de sensibilizaci\u00f3n organizada por el Ayuntamiento de Inca. Tambi\u00e9n han participado en diferentes actos un grupo de mujeres del equipo de Esment Vivienda. Desde Esment, reiteramos\u00a0nuestro compromiso de tolerancia cero ante cualquier manifestaci\u00f3n de [&hellip;]","thumbnail_url":"https:\/\/esment.org\/blogs\/wp-content\/uploads\/2024\/11\/bbb3627a-d817-43ff-9184-bbabde1fd3af.jpg","thumbnail_width":1536,"thumbnail_height":2048}